{"id":542,"date":"2015-11-26T12:31:50","date_gmt":"2015-11-26T12:31:50","guid":{"rendered":"http:\/\/192.168.0.6\/demo\/?page_id=542"},"modified":"2026-03-03T11:20:13","modified_gmt":"2026-03-03T14:20:13","slug":"homepage-gym","status":"publish","type":"page","link":"https:\/\/corremostodas.com.ar\/2026\/","title":{"rendered":"Homepage Gym"},"content":{"rendered":"<p>[vc_row row_type=\u00bbfull_width\u00bb type=\u00bbcontainer\u00bb bg_select=\u00bbbg_parallax\u00bb border_color=\u00bb#ffffff\u00bb bg_color=\u00bb#ffffff\u00bb anchor=\u00bbinicio\u00bb m_top=\u00bb-40px\u00bb][vc_column m_top=\u00bb0&#8243; offset=\u00bbvc_hidden-sm vc_hidden-xs\u00bb][\/vc_column][vc_column offset=\u00bbvc_hidden-lg vc_hidden-md vc_hidden-sm\u00bb][\/vc_column][\/vc_row][vc_row row_type=\u00bbfull_width\u00bb type=\u00bbcontainer\u00bb bg_select=\u00bbbg_color_section\u00bb border_color=\u00bb#ffffff\u00bb bg_color=\u00bbrgba(252,252,252,0.42)\u00bb anchor=\u00bbinformacion\u00bb p_top=\u00bb80&#8243;][vc_column][vc_single_image image=\u00bb3710&#8243; img_size=\u00bbfull\u00bb css=\u00bb.vc_custom_1771603997542{margin-left: -25px !important;}\u00bb]<div class=\"wbc-heading clearfix\"><div class=\"default-heading\" style=\"font-size:15px;text-align:left;padding-bottom:15px;padding-right:10%;padding-top:10px;\">En conmemoraci\u00f3n al d\u00eda de la mujer, recorremos las calles de puerto madero que homenajean a quienes nos abrieron el camino. corremos por Juana Manso, Marta Lynch, Manuela S\u00e1enz y por todas las que hicieron historia.<\/div><\/div>[vc_column_text]<span style=\"font-size: 15px;\"><strong>Viv\u00ed la experiencia completa: SHOW DE CIERRE DE LA BOMBA DE TIEMPO Y FOOD TRUCKS DISPONIBLES EN EL PREDIO.<\/strong><\/span>[\/vc_column_text][vc_row_inner][vc_column_inner width=\u00bb1\/4&#8243;]<div style=\"text-align:left\"><a style=\"font-size:18px;color:#ffffff !important;background-color:#d96162;border-color:#0a0a0a;width:269px;margin-bottom:45px;padding-bottom:15px;padding-top:15px;\" class=\"wbc-button button btn-primary\" href=\"https:\/\/eventick.com.ar\/evento\/414\" target=\"_self\"  data-hover-bg=\"#d96162\" >INSCRIBITE GRATIS<\/a><\/div>[\/vc_column_inner][vc_column_inner width=\u00bb1\/4&#8243;]<div style=\"text-align:left\"><a style=\"font-size:18px;color:#ffffff !important;background-color:#d96162;border-color:#0a0a0a;width:269px;margin-bottom:45px;padding-bottom:15px;padding-top:15px;\" class=\"wbc-button button btn-primary\" href=\"https:\/\/atresult.com\/evento\/1015\" target=\"_blank\"  data-hover-bg=\"#d96162\" >VER CLASIFICACI\u00d3N<\/a><\/div>[\/vc_column_inner][vc_column_inner width=\u00bb1\/4&#8243;][\/vc_column_inner][vc_column_inner width=\u00bb1\/4&#8243;][\/vc_column_inner][\/vc_row_inner][\/vc_column][\/vc_row][vc_row row_type=\u00bbfull_width\u00bb type=\u00bbcontainer\u00bb bg_select=\u00bbbg_color_section\u00bb border_color=\u00bb#ffffff\u00bb bg_color=\u00bbrgba(252,252,252,0.42)\u00bb anchor=\u00bbinformacion\u00bb p_bottom=\u00bb30&#8243;][vc_column width=\u00bb1\/3&#8243; p_bottom=\u00bb1&#8243;]<div class=\"wbc-icon-box clearfix\" ><div class=\"wbc-icon-wrapper wbc-icon-style-4 icon-background icon-circle\" style=\"border-color:#d96162;\" data-custom-hover=\"1\"><span class=\"wbc-icon\" style=\"font-size:35px;color:#ffffff;background-color:#d96162;border-color:#d96162;\" data-hover-color=\"#ffffff\"><i class=\"wbc-font-icon vc-oi vc-oi-calendar\"><\/i><\/span><\/div>\n<div class=\"wbc-box-content\"><h4 >FECHA<\/h4><p style=\"text-align: left;\"><span style=\"font-size: 14px;\">7 de marzo 2026<\/span><\/p>\n<\/div><\/div>[\/vc_column][vc_column width=\u00bb1\/3&#8243;]<div class=\"wbc-icon-box clearfix\" ><div class=\"wbc-icon-wrapper icon-background icon-circle\" style=\"border-color:#d96162;\" data-custom-hover=\"1\"><span class=\"wbc-icon\" style=\"font-size:35px;color:#ffffff;background-color:#d96162;border-color:#d96162;\" data-hover-color=\"#ffffff\"><i class=\"wbc-font-icon entypo-icon entypo-icon-address\"><\/i><\/span><\/div>\n<div class=\"wbc-box-content\"><h4 >DISTANCIAS<\/h4><p>4,9K<\/p>\n<\/div><\/div>[\/vc_column][vc_column width=\u00bb1\/3&#8243;]<div class=\"wbc-icon-box clearfix\" ><div class=\"wbc-icon-wrapper icon-background icon-circle\" style=\"border-color:#d96162;\"><span class=\"wbc-icon\" style=\"font-size:35px;color:#ffffff;background-color:#d96162;border-color:#d96162;\"><i class=\"wbc-font-icon typcn typcn-map\"><\/i><\/span><\/div>\n<div class=\"wbc-box-content\"><h4 >LUGAR<\/h4><p>Av de los Italianos y Marta Lynch, Puerto Madero, CABA<br \/>\n<a href=\"https:\/\/maps.app.goo.gl\/8voLRpbL5mVVecZL9\" target=\"_blank\" rel=\"noopener\">Ampliar ubicaci\u00f3n<\/a><\/p>\n<\/div><\/div>[\/vc_column][\/vc_row][vc_row row_type=\u00bbfull_width\u00bb type=\u00bbcontainer\u00bb bg_select=\u00bbbg_color_section\u00bb border_color=\u00bb#ffffff\u00bb bg_color=\u00bbrgba(252,252,252,0.42)\u00bb anchor=\u00bbinformacion\u00bb p_bottom=\u00bb30&#8243;][vc_column width=\u00bb1\/3&#8243;]<div class=\"wbc-icon-box clearfix\" ><div class=\"wbc-icon-wrapper icon-background icon-circle\" style=\"border-color:#d96162;\" data-custom-hover=\"1\"><span class=\"wbc-icon\" style=\"font-size:35px;color:#ffffff;background-color:#d96162;border-color:#d96162;\" data-hover-color=\"#ffffff\"><i class=\"wbc-font-icon vc-oi vc-oi-clock\"><\/i><\/span><\/div>\n<div class=\"wbc-box-content\"><h4 >HORARIO ACCESO<\/h4><p><span style=\"font-size: 14px;\">19:30 hs<\/span><\/p>\n<\/div><\/div>[\/vc_column][vc_column width=\u00bb1\/3&#8243;]<div class=\"wbc-icon-box clearfix\" ><div class=\"wbc-icon-wrapper icon-background icon-circle\" style=\"border-color:#d96162;\" data-custom-hover=\"1\"><span class=\"wbc-icon\" style=\"font-size:35px;color:#ffffff;background-color:#d96162;border-color:#d96162;\" data-hover-color=\"#ffffff\"><i class=\"wbc-font-icon flaticon-timer22\"><\/i><\/span><\/div>\n<div class=\"wbc-box-content\"><h4 >HORARIO LARGADA<\/h4><p><span style=\"font-size: 14px;\">20:00 hs<\/span><\/p>\n<\/div><\/div>[\/vc_column][vc_column width=\u00bb1\/3&#8243;]<div class=\"wbc-icon-box clearfix\" ><div class=\"wbc-icon-wrapper icon-background icon-circle\" style=\"border-color:#d96162;\" data-custom-hover=\"1\"><span class=\"wbc-icon\" style=\"font-size:35px;color:#ffffff;background-color:#d96162;border-color:#d96162;\" data-hover-color=\"#ffffff\"><i class=\"wbc-font-icon vc-oi vc-oi-article-alt\"><\/i><\/span><\/div>\n<div class=\"wbc-box-content\"><h4 >CLASIFICACI\u00d3N<\/h4><p><span style=\"font-size: 14px;\">Disponible el 8 de marzo en este sitio<\/span><\/p>\n<\/div><\/div>[\/vc_column][\/vc_row][vc_row row_type=\u00bbfull_width\u00bb type=\u00bbcontainer\u00bb bg_select=\u00bbbg_color_section\u00bb border_color=\u00bb#ffffff\u00bb bg_color=\u00bbrgba(252,252,252,0.42)\u00bb anchor=\u00bbinformacion\u00bb p_bottom=\u00bb40&#8243;][vc_column width=\u00bb1\/3&#8243;]<div class=\"wbc-icon-box clearfix\" ><div class=\"wbc-icon-wrapper icon-background icon-circle\" style=\"border-color:#d96162;\" data-custom-hover=\"1\"><span class=\"wbc-icon\" style=\"font-size:35px;color:#ffffff;background-color:#d96162;border-color:#d96162;\" data-hover-color=\"#ffffff\"><i class=\"wbc-font-icon vc_li vc_li-t-shirt\"><\/i><\/span><\/div>\n<div class=\"wbc-box-content\"><h4 >RETIR\u00c1 TU KIT<\/h4><p><strong>En la zona del evento<\/strong><br \/>\nAv de los Italianos y Marta Lynch, Puerto Madero, CABA<\/p>\n<p>S\u00e1bado 7 de marzo 2026<br \/>\n<strong>\u00danicamente de 15:00 a 19:00 hs<\/strong><\/p>\n<\/div><\/div>[vc_gmaps link=\u00bb#E-8_JTNDaWZyYW1lJTIwc3JjJTNEJTIyaHR0cHMlM0ElMkYlMkZ3d3cuZ29vZ2xlLmNvbSUyRm1hcHMlMkZlbWJlZCUzRnBiJTNEJTIxMW0xOCUyMTFtMTIlMjExbTMlMjExZDMyODMuNzQ0MzMzOTQwOTQlMjEyZC01OC4zNjIwMDg5MjQyNTk0JTIxM2QtMzQuNjEwNjI1OTcyOTUxODUlMjEybTMlMjExZjAlMjEyZjAlMjEzZjAlMjEzbTIlMjExaTEwMjQlMjEyaTc2OCUyMTRmMTMuMSUyMTNtMyUyMTFtMiUyMTFzMHg5NWEzMzUyN2YwZjExNjdkJTI1M0EweGU4YzVhNThiYjgwZjYxODUlMjEyc01hcnRhJTI1MjBMeW5jaCUyNTIwJTI1MjYlMjUyMEF2ZW5pZGElMjUyMGRlJTI1MjBsb3MlMjUyMEl0YWxpYW5vcyUyNTJDJTI1MjBDMTEwNyUyNTIwQ2RhZC4lMjUyMEF1dCUyNUMzJTI1QjNub21hJTI1MjBkZSUyNTIwQnVlbm9zJTI1MjBBaXJlcyUyMTVlMCUyMTNtMiUyMTFzZXMlMjEyc2FyJTIxNHYxNzcxNjA0MDg4NjUzJTIxNW0yJTIxMXNlcyUyMTJzYXIlMjIlMjB3aWR0aCUzRCUyMjMwMCUyMiUyMGhlaWdodCUzRCUyMjI1MCUyMiUyMHN0eWxlJTNEJTIyYm9yZGVyJTNBMCUzQiUyMiUyMGFsbG93ZnVsbHNjcmVlbiUzRCUyMiUyMiUyMGxvYWRpbmclM0QlMjJsYXp5JTIyJTIwcmVmZXJyZXJwb2xpY3klM0QlMjJuby1yZWZlcnJlci13aGVuLWRvd25ncmFkZSUyMiUzRSUzQyUyRmlmcmFtZSUzRQ==\u00bb css=\u00bb.vc_custom_1771604274884{padding-bottom: 30px !important;}\u00bb][\/vc_column][vc_column width=\u00bb1\/3&#8243;]<div class=\"wbc-icon-box clearfix\" ><div class=\"wbc-icon-wrapper icon-background icon-circle\" style=\"border-color:#d96162;\" data-custom-hover=\"1\"><span class=\"wbc-icon\" style=\"font-size:35px;color:#ffffff;background-color:#d96162;border-color:#d96162;\" data-hover-color=\"#ffffff\"><i class=\"wbc-font-icon vc-oi vc-oi-user\"><\/i><\/span><\/div>\n<div class=\"wbc-box-content\"><h4 >DOCUMENTACI\u00d3N<\/h4><p><span style=\"font-size: 14px;\"><strong>Para retirar tu kit deber\u00e1s traer<\/strong><\/span><\/p>\n<p><span style=\"font-size: 14px;\">\u2013\u00a0<a href=\"https:\/\/eventick.com.ar\/micuenta\/\" target=\"_blank\" rel=\"noopener\">Eventick Pass<\/a> QR Digital<\/span><br \/>\n<span style=\"font-size: 14px;\">\u2013 DNI \/ Pasaporte<\/span><\/p>\n<p>El kit no podra ser retirado por un tercero.<\/p>\n<p>No se entregar\u00e1n kits fuera de este d\u00eda y horario, como tampoco a aquellos que no presenten su QR correspondiente .<\/p>\n<\/div><\/div>[\/vc_column][vc_column width=\u00bb1\/3&#8243;]<div class=\"wbc-icon-box clearfix\" ><div class=\"wbc-icon-wrapper icon-background icon-circle\" style=\"border-color:#d96162;\" data-custom-hover=\"1\"><span class=\"wbc-icon\" style=\"font-size:35px;color:#ffffff;background-color:#d96162;border-color:#d96162;\" data-hover-color=\"#ffffff\"><i class=\"wbc-font-icon entypo-icon entypo-icon-pencil\"><\/i><\/span><\/div>\n<div class=\"wbc-box-content\"><h4 >FIRMA DIGITAL<\/h4><p><span style=\"font-size: 14px;\">Para descargar tu Eventick Pass, deber\u00e1s realizar tu firma digital. La misma debe coincidir con la del DNI\/Pasaporte declarado. Validaremos tu firma cuando te acredites en el evento.<\/span><\/p>\n<\/div><\/div>[\/vc_column][\/vc_row][vc_row row_type=\u00bbfull_width\u00bb type=\u00bbcontainer\u00bb bg_select=\u00bbbg_parallax\u00bb parallax_speed=\u00bb0&#8243; fancy_row=\u00bbdown_arrow\u00bb p_top=\u00bb150&#8243; p_bottom=\u00bb150&#8243; parallax_img=\u00bb3711&#8243; anchor=\u00bbinscribite\u00bb parallax_overlay=\u00bbrgba(247,247,247,0.6)\u00bb][vc_column width=\u00bb2\/3&#8243;][vc_single_image image=\u00bb3709&#8243; img_size=\u00bbfull\u00bb]<div class=\"wbc-heading clearfix\"><h3 class=\"default-heading\" style=\"font-size:50px;color:#000000;margin-left:5px;\">INSCRIBITE<\/h3><\/div><div class=\"wbc-heading clearfix\"><div class=\"default-heading\" style=\"font-size:15px;color:#000000;text-align:left;margin-bottom:25px;margin-left:5px;\">Ingres\u00e1 al reglamento para conocer m\u00e1s informaci\u00f3n sobre la carrera. Es importante que lo leas con atenci\u00f3n ya que contiene toda la informaci\u00f3n del evento.<\/div><\/div><div class=\"wbc-heading clearfix\"><div class=\"default-heading\" style=\"font-size:15px;color:#000000;text-align:left;margin-bottom:20px;margin-left:5px;\">El 7 de marzo Puerto Madero vuelve a ser nuestro punto de encuentro. Te invitamos a participar de la Carrera Mujeres 5K, una experiencia pensada para celebrar, homenajear y compartir el deporte en un espacio \u00fanico de la Ciudad de Buenos Aires.<\/div><\/div><div class=\"wbc-heading clearfix\"><div class=\"default-heading\" style=\"font-size:15px;color:#000000;text-align:left;margin-bottom:20px;margin-left:5px;\">Bajo el concepto CORREMOS TODAS, esta carrera es mucho m\u00e1s que un recorrido: es un homenaje en movimiento. Cada paso atraviesa calles que llevan nombres de mujeres que marcaron nuestra historia. Corremos juntas, nos acompa\u00f1amos y hacemos visible ese legado desde el presente, con energ\u00eda, orgullo y comunidad.<\/div><\/div><div class=\"wbc-heading clearfix\"><div class=\"default-heading\" style=\"font-size:15px;color:#000000;text-align:left;margin-bottom:20px;margin-left:5px;\">La inscripci\u00f3n es gratuita y los cupos son limitados. Te recomendamos completar el formulario con anticipaci\u00f3n y leer atentamente el reglamento, donde encontrar\u00e1s toda la informaci\u00f3n sobre acreditaci\u00f3n, retiro de kit, horarios, circuito, categor\u00edas y condiciones de participaci\u00f3n.<\/div><\/div><div class=\"wbc-heading clearfix\"><div class=\"default-heading\" style=\"font-size:15px;color:#000000;text-align:left;margin-left:5px;\">Sumate.<\/div><\/div><div class=\"wbc-heading clearfix\"><div class=\"default-heading\" style=\"font-size:15px;color:#000000;text-align:left;margin-bottom:20px;margin-left:5px;\">Porque cuando corre una, corremos todas<\/div><\/div>[\/vc_column][vc_column width=\u00bb1\/3&#8243; content_align=\u00bbtext-right\u00bb][vc_empty_space height=\u00bb60px\u00bb]<div style=\"text-align:center\"><a style=\"font-size:18px;color:#ffffff !important;background-color:#d96162;border-color:#0a0a0a;width:269px;margin-top:45px;padding-bottom:15px;padding-top:15px;\" class=\"wbc-button button btn-primary\" href=\"https:\/\/eventick.com.ar\/evento\/414\" target=\"_self\"  data-hover-bg=\"#d96162\" >INSCRIBITE GRATIS<\/a><\/div><div style=\"text-align:center\"><a style=\"font-size:16px;color:#ffffff !important;background-color:#d96162;border-color:#0a0a0a;width:269px;margin-top:45px;padding-bottom:15px;padding-top:15px;\" class=\"wbc-button button btn-primary\" href=\"https:\/\/eventick.com.ar\/micuenta\/\" target=\"_blank\"  data-hover-bg=\"#d96162\" >EVENTICK PASS QR<\/a><\/div><div style=\"text-align:center\"><a style=\"font-size:16px;color:#ffffff !important;background-color:#d96162;border-color:#0a0a0a;width:269px;margin-top:45px;padding-bottom:15px;padding-top:15px;\" class=\"wbc-button button btn-primary\" href=\"https:\/\/docs.google.com\/document\/d\/e\/2PACX-1vQJdJK35eRm6Eh0OpBmCXs14Yru86Dp4T9xIIU8pcYhSFecmUBe6XVN-1fHj0jvcQ\/pub\" target=\"_blank\"  data-hover-bg=\"#d96162\" data-hover-border=\"#2b2b2b\" >REGLAMENTO 2026<\/a><\/div>[\/vc_column][\/vc_row]<\/p>\n","protected":false},"excerpt":{"rendered":"<p>[vc_row row_type=\u00bbfull_width\u00bb type=\u00bbcontainer\u00bb bg_select=\u00bbbg_parallax\u00bb border_color=\u00bb#ffffff\u00bb bg_color=\u00bb#ffffff\u00bb anchor=\u00bbinicio\u00bb m_top=\u00bb-40px\u00bb][vc_column m_top=\u00bb0&#8243; offset=\u00bbvc_hidden-sm vc_hidden-xs\u00bb][\/vc_column][vc_column offset=\u00bbvc_hidden-lg vc_hidden-md vc_hidden-sm\u00bb][\/vc_column][\/vc_row][vc_row row_type=\u00bbfull_width\u00bb type=\u00bbcontainer\u00bb bg_select=\u00bbbg_color_section\u00bb border_color=\u00bb#ffffff\u00bb bg_color=\u00bbrgba(252,252,252,0.42)\u00bb anchor=\u00bbinformacion\u00bb p_top=\u00bb80&#8243;][vc_column][vc_single_image image=\u00bb3710&#8243; img_size=\u00bbfull\u00bb css=\u00bb.vc_custom_1771603997542{margin-left: -25px !important;}\u00bb][vc_column_text]Viv\u00ed la experiencia completa: SHOW DE CIERRE DE LA BOMBA DE TIEMPO Y FOOD TRUCKS DISPONIBLES EN EL PREDIO.[\/vc_column_text][vc_row_inner][vc_column_inner width=\u00bb1\/4&#8243;][\/vc_column_inner][vc_column_inner width=\u00bb1\/4&#8243;][\/vc_column_inner][vc_column_inner width=\u00bb1\/4&#8243;][\/vc_column_inner][vc_column_inner width=\u00bb1\/4&#8243;][\/vc_column_inner][\/vc_row_inner][\/vc_column][\/vc_row][vc_row row_type=\u00bbfull_width\u00bb type=\u00bbcontainer\u00bb bg_select=\u00bbbg_color_section\u00bb border_color=\u00bb#ffffff\u00bb bg_color=\u00bbrgba(252,252,252,0.42)\u00bb anchor=\u00bbinformacion\u00bb p_bottom=\u00bb30&#8243;][vc_column [&hellip;]<\/p>\n","protected":false},"author":1,"featured_media":0,"parent":0,"menu_order":0,"comment_status":"closed","ping_status":"closed","template":"template-page-full.php","meta":{"footnotes":""},"class_list":["post-542","page","type-page","status-publish","hentry"],"_links":{"self":[{"href":"https:\/\/corremostodas.com.ar\/2026\/wp-json\/wp\/v2\/pages\/542","targetHints":{"allow":["GET"]}}],"collection":[{"href":"https:\/\/corremostodas.com.ar\/2026\/wp-json\/wp\/v2\/pages"}],"about":[{"href":"https:\/\/corremostodas.com.ar\/2026\/wp-json\/wp\/v2\/types\/page"}],"author":[{"embeddable":true,"href":"https:\/\/corremostodas.com.ar\/2026\/wp-json\/wp\/v2\/users\/1"}],"replies":[{"embeddable":true,"href":"https:\/\/corremostodas.com.ar\/2026\/wp-json\/wp\/v2\/comments?post=542"}],"version-history":[{"count":1109,"href":"https:\/\/corremostodas.com.ar\/2026\/wp-json\/wp\/v2\/pages\/542\/revisions"}],"predecessor-version":[{"id":3731,"href":"https:\/\/corremostodas.com.ar\/2026\/wp-json\/wp\/v2\/pages\/542\/revisions\/3731"}],"wp:attachment":[{"href":"https:\/\/corremostodas.com.ar\/2026\/wp-json\/wp\/v2\/media?parent=542"}],"curies":[{"name":"wp","href":"https:\/\/api.w.org\/{rel}","templated":true}]}}